{"id":11427,"date":"2021-01-27T13:06:51","date_gmt":"2021-01-27T12:06:51","guid":{"rendered":"https:\/\/www.zungenbandzentrum.de\/tongue-tie-center-location-list\/"},"modified":"2026-02-27T11:18:48","modified_gmt":"2026-02-27T10:18:48","slug":"tongue-tie-center-location-list","status":"publish","type":"page","link":"https:\/\/www.zungenbandzentrum.de\/en\/tongue-tie-center-location-list\/","title":{"rendered":"Tongue tie center location list"},"content":{"rendered":"<div class='flex_column av-yrnt8b-ce41d036c2ac306a35a6c7bfdf25b54f av_two_third  avia-builder-el-0  el_before_av_one_third  avia-builder-el-first  first flex_column_div '     ><section  class='av_textblock_section av-kkfjthk4-44bcc0e6f4305e202210c53f4b72e756'  itemscope=\"itemscope\" itemtype=\"https:\/\/schema.org\/CreativeWork\" ><div class='avia_textblock'  itemprop=\"text\" ><h1>Deutschland Germany<\/h1>\n<h2 id=\"heinsberg\">ZungenBandZentrum Heinsberg\/Aachen<\/h2>\n<p><a href=\"https:\/\/zahnaerztin-heinsberg.de\/zungenbandzentrum-heinsberg\/\" target=\"_blank\" rel=\"noopener\">https:\/\/zahnaerztin-heinsberg.de\/zungenbandzentrum-heinsberg\/<\/a><\/p>\n<p><strong>Zahn\u00e4rztin Dr.-medic Stom. Mona Marconi<\/strong><\/p>\n<p><strong>Stillberaterin Hanna Herres<\/strong><\/p>\n<p>Supergepulster CO2 Laser<br \/>\nSuper pulsed CO2\u00a0 laser<\/p>\n<ul>\n<li>Bis 12 Monate und ab 2 Jahre<\/li>\n<li>Up to 12 months and from 2 years<\/li>\n<li>Narkose ab 24 Monaten<\/li>\n<li>General anesthesia from 24 months<\/li>\n<li>Weichteiltumore, Fibrome<\/li>\n<li>Soft tissue tumors, Fibromas<\/li>\n<li>English<\/li>\n<\/ul>\n<p>Kontakt: <a href=\"https:\/\/www.zungenbandzentrum.de\/en\/contact\/\">https:\/\/www.zungenbandzentrum.de\/kontakt\/<\/a><\/p>\n<p>Termin: <a href=\"https:\/\/www.zungenbandzentrum.de\/en\/appointment\/\">https:\/\/www.zungenbandzentrum.de\/terminvereinbarung\/<\/a><\/p>\n<hr \/>\n<h2 id=\"radolfzell\">ZungenBandZentrum Radolfzell am Bodensee<\/h2>\n<p><a href=\"https:\/\/dr-basset-zahnmedizin.de\/\" target=\"_blank\" rel=\"noopener\">www.dr-basset-zahnmedizin.de\/<\/a><\/p>\n<p><strong>Zahnarzt dentis<\/strong>t <strong>Dr. Uwe Basset<\/strong><\/p>\n<p><a href=\"https:\/\/dr-basset-zahnmedizin.de\/portfolio\/dr-uwe-basset\/\" target=\"_blank\" rel=\"noopener\">https:\/\/dr-basset-zahnmedizin.de\/portfolio\/dr-uwe-basset\/<\/a><\/p>\n<p>Supergepulster CO2 Laser<br \/>\nSuper pulsed CO2\u00a0 laser<\/p>\n<ul>\n<li>Alle B\u00e4nder<\/li>\n<li>All ties<\/li>\n<li>Narkose ab 6 Monate m\u00f6glich<\/li>\n<li>General anesthesia possible from 6 months<\/li>\n<li>English<\/li>\n<li>Team: Arabisch, Bosnisch, Deutsch, Franz\u00f6sisch, Hindi, Italienisch, Kroatisch, Madagassisch, Malenke, Persisch, Polnisch, Pular, Russisch, Serbisch, Soussou, Spanisch, T\u00fcrkisch, Ungarisch<\/li>\n<\/ul>\n<p>Kontakt: <a href=\"https:\/\/www.zungenbandzentrum.de\/en\/contact\/\">https:\/\/www.zungenbandzentrum.de\/kontakt\/<\/a><\/p>\n<p>Termin: <a href=\"https:\/\/www.zungenbandzentrum.de\/en\/appointment\/\">https:\/\/www.zungenbandzentrum.de\/terminvereinbarung\/<\/a><\/p>\n<hr \/>\n<h2 id=\"landsberg\">ZungenBandZentrum Landsberg<\/h2>\n<p><a href=\"https:\/\/kinderzahnarzt-landsberg.de\/\" target=\"_blank\" rel=\"noopener\">https:\/\/kinderzahnarzt-landsberg.de\/<\/a><\/p>\n<p><strong>Kinderzahn\u00e4rztin Dr. Cynthia von der Wense<\/strong><\/p>\n<p><a href=\"https:\/\/kinderzahnarzt-landsberg.de\/ueber-uns\/\" target=\"_blank\" rel=\"noopener\">https:\/\/kinderzahnarzt-landsberg.de\/ueber-uns\/<\/a><\/p>\n<p>Supergepulster CO2 Laser<br \/>\nSuper pulsed CO2\u00a0 laser<\/p>\n<ul>\n<li>Bis 12 Monate<\/li>\n<li>Up to 12 months<\/li>\n<li>Alle B\u00e4nder<\/li>\n<li>All ties<\/li>\n<li>English<\/li>\n<li>Espa\u00f1ol<\/li>\n<\/ul>\n<p>Kontakt: <a href=\"https:\/\/www.zungenbandzentrum.de\/en\/contact\/\">https:\/\/www.zungenbandzentrum.de\/kontakt\/<\/a><\/p>\n<p>Termin: <a href=\"https:\/\/www.zungenbandzentrum.de\/en\/appointment\/\">https:\/\/www.zungenbandzentrum.de\/terminvereinbarung\/<\/a><\/p>\n<hr \/>\n<h2 id=\"plochingen\">ZungenBandZentrum Plochingen\/Stuttgart<\/h2>\n<p><a href=\"https:\/\/www.zih-kids.de\" target=\"_blank\" rel=\"noopener\">https:\/\/www.zih-kids.de\/<\/a><\/p>\n<p><strong>Dentist Dr. Anna-Katharina Vo\u00df<\/strong><\/p>\n<p>Supergepulster CO2 Laser<br \/>\nSuper pulsed CO2\u00a0 laser<\/p>\n<ul>\n<li>Bis 12 Monate und ab 2 Jahren<\/li>\n<li>Up to 12 months and from 2 years<\/li>\n<li>Alle B\u00e4nder<\/li>\n<li>All ties<\/li>\n<li>Narkose ab dem 24 Lebensmonat m\u00f6glich<\/li>\n<li>General anesthesia possible from 24 months<\/li>\n<li>English<\/li>\n<\/ul>\n<p>Kontakt: <a href=\"https:\/\/www.zungenbandzentrum.de\/en\/contact\/\">https:\/\/www.zungenbandzentrum.de\/kontakt\/<\/a><\/p>\n<p>Termin: <a href=\"https:\/\/www.zungenbandzentrum.de\/en\/appointment\/\">https:\/\/www.zungenbandzentrum.de\/terminvereinbarung\/<\/a><\/p>\n<hr \/>\n<h2 id=\"koeln\">ZungenBandZentrum K\u00f6ln<\/h2>\n<p><a href=\"https:\/\/www.zungenband-koeln.de\/\" target=\"_blank\" rel=\"noopener\">https:\/\/www.zungenband-koeln.de\/<\/a><\/p>\n<p><strong>Zahn\u00e4rztin Z\u00c4 Carola Engelberts<br \/>\n<\/strong><\/p>\n<p><a href=\"https:\/\/www.richmodent.de\/?lightbox=dataItem-jgov5fsh\" target=\"_blank\" rel=\"noopener\">https:\/\/www.richmodent.de\/?lightbox=dataItem-jgov5fsh<\/a><\/p>\n<p>Kinderzahn\u00e4rztliche Schlafmedizin<br \/>\nAtemwegsfokussierte und myofunktionelle Kieferorthop\u00e4die<br \/>\nSupergepulster CO2 Laser<br \/>\nSuper pulsed CO2\u00a0 laser<\/p>\n<ul>\n<li>Alle Altersgruppen au\u00dfer 7 &#8211; 23 Monate<\/li>\n<li>All ages excluding 7 &#8211; 23 months<\/li>\n<li>Alle B\u00e4nder<\/li>\n<li>All ties<\/li>\n<li>Narkose ab dem 24 Lebensmonat m\u00f6glich<\/li>\n<li>General anesthesia possible from 24 months<\/li>\n<\/ul>\n<p>Kontakt: <a href=\"https:\/\/www.zungenbandzentrum.de\/en\/contact\/\">https:\/\/www.zungenbandzentrum.de\/kontakt\/<\/a><\/p>\n<p>Termin: <a href=\"https:\/\/www.zungenbandzentrum.de\/en\/appointment\/\">https:\/\/www.zungenbandzentrum.de\/terminvereinbarung\/<\/a><\/p>\n<hr \/>\n<h2 id=\"taegerwilen\">ZungenBandZentrum T\u00e4gerwilen(CH)\/Konstanz(D)<\/h2>\n<p><a href=\"blank\">https:\/\/www.kinder\u00e4rztin-untersee.ch\/<\/a><\/p>\n<p><strong>Kinder\u00e4rztin Pediatrician Sandra D\u00fcbendorfer-M\u00e4der<\/strong><\/p>\n<p><a href=\"https:\/\/www.kinder\u00e4rztin-untersee.ch\/Stillberatung-und-Kinderarzt-mit-Zungenbandlasern-bei-Frauenfeld-Weinfelden-Kreuzlingen-im-Thurgau\/\" target=\"_blank\" rel=\"noopener\">https:\/\/www.kinder\u00e4rztin-untersee.ch\/Stillberatung-und-Kinderarzt-mit-Zungenbandlasern-bei-Frauenfeld-Weinfelden-Kreuzlingen-im-Thurgau\/<\/a><\/p>\n<p>Supergepulster CO2 Laser<br \/>\nSuper pulsed CO2\u00a0 laser<\/p>\n<ul>\n<li>Bis 9 Monate<\/li>\n<li>Up to 9 months<\/li>\n<li>Keine Narkose<\/li>\n<li>No general anesthesia<\/li>\n<li>Zungenb\u00e4nder<\/li>\n<li>Tongue-ties only<\/li>\n<li>English, Fran\u00e7ais, Italiano<\/li>\n<\/ul>\n<p>Kontakt: <a href=\"https:\/\/www.zungenbandzentrum.de\/en\/contact\/\">https:\/\/www.zungenbandzentrum.de\/kontakt\/<\/a><\/p>\n<p>Termin: <a href=\"https:\/\/www.zungenbandzentrum.de\/en\/appointment\/\">https:\/\/www.zungenbandzentrum.de\/terminvereinbarung\/<\/a><\/p>\n<hr \/>\n<h2 id=\"badsoden\">ZungenBandZentrum Bad Soden am Taunus<\/h2>\n<p><a href=\"https:\/\/www.kinderzauberzaehne.de\/zahnheilkunde\/laserzahnheilkunde\/\" target=\"_blank\" rel=\"noopener\">https:\/\/www.kinderzauberzaehne.de\/zahnheilkunde\/laserzahnheilkunde\/<\/a><\/p>\n<p><strong>Kinderzahn\u00e4rztin Pediatric dentist\u00a0Dr. Margita Beck<\/strong><\/p>\n<p><a href=\"https:\/\/www.kinderzauberzaehne.de\/team\/dr-med-dent-margita-a-beck\/\" target=\"_blank\" rel=\"noopener\">https:\/\/www.kinderzauberzaehne.de\/team\/dr-med-dent-margita-a-beck\/<\/a><\/p>\n<p>Supergepulster CO2 Laser<br \/>\nSuper pulsed CO2\u00a0 laser<\/p>\n<ul>\n<li>Alle Altersgruppen<\/li>\n<li>Alle B\u00e4nder<\/li>\n<li>All ties<\/li>\n<li>Inhalationssedierung mit Lachgas<\/li>\n<li>Nitrous oxide inhalation sedation<\/li>\n<li>Narkose ab 12 Monate m\u00f6glich<\/li>\n<li>General anesthesia possible from 12 months<\/li>\n<li>English<\/li>\n<\/ul>\n<hr \/>\n<h2 id=\"aschaffenburg\">ZungenBandZentrum Aschaffenburg<\/h2>\n<p><a href=\"http:\/\/www.kinderzahnarzt-aschaffenburg.de\/\" target=\"_blank\" rel=\"noopener\">http:\/\/www.kinderzahnarzt-aschaffenburg.de\/<\/a><\/p>\n<p><strong>Kinderzahn\u00e4rztin Pediatric Dentist\u00a0Claudia Link<\/strong><\/p>\n<p>Supergepulster CO2 Laser<br \/>\nSuper pulsed CO2\u00a0 laser<\/p>\n<ul>\n<li>Bis 12 Monate\u00a0 und ab 2 Jahre<\/li>\n<li>Up to 12 months and from 2 years<\/li>\n<li>Alle B\u00e4nder<\/li>\n<li>All ties<\/li>\n<li>Narkose ab dem 24 Lebensmonat m\u00f6glich<\/li>\n<li>General anesthesia possible from 24 months<\/li>\n<\/ul>\n<p>Kontakt: <a href=\"https:\/\/www.zungenbandzentrum.de\/en\/contact\/\">https:\/\/www.zungenbandzentrum.de\/kontakt\/<\/a><\/p>\n<p>Termin: <a href=\"https:\/\/www.zungenbandzentrum.de\/en\/appointment\/\">https:\/\/www.zungenbandzentrum.de\/terminvereinbarung\/<\/a><\/p>\n<hr \/>\n<h2 id=\"muenchen\">ZungenBandZentrum Unterf\u00f6hring\/M\u00fcnchen<\/h2>\n<p><a href=\"https:\/\/zungenband-zentrum-muenchen.de\" target=\"_blank\" rel=\"noopener\">https:\/\/www.zungenband-zentrum-muenchen.de<\/a><\/p>\n<p><strong>Zahn\u00e4rztin Dentist\u00a0Dr. Melanie Linder<\/strong><\/p>\n<p><a href=\"https:\/\/zungenband-zentrum-muenchen.de\/#team\" target=\"_blank\" rel=\"noopener\">https:\/\/www.zungenband-zentrum-muenchen.de\/#team<\/a><\/p>\n<p>Supergepulster CO2 Laser<br \/>\nSuper pulsed CO2\u00a0 laser<\/p>\n<ul>\n<li>Bis 12 Monate\u00a0 und ab 5 Jahre<\/li>\n<li>Up to 12 months and from 5 years<\/li>\n<li>Alle B\u00e4nder<\/li>\n<li>All ties<\/li>\n<li>Keine Narkose<\/li>\n<li>No general anesthesia<\/li>\n<li>English<\/li>\n<\/ul>\n<p>Kontakt: <a href=\"https:\/\/www.zungenbandzentrum.de\/en\/contact\/\">https:\/\/www.zungenbandzentrum.de\/kontakt\/<\/a><\/p>\n<p>Termin: <a href=\"https:\/\/www.zungenbandzentrum.de\/en\/appointment\/\">https:\/\/www.zungenbandzentrum.de\/terminvereinbarung\/<\/a><\/p>\n<hr \/>\n<h2 id=\"dachau\">ZungenBandZentrum Dachau\/M\u00fcnchen<\/h2>\n<p><a href=\"https:\/\/www.zahnarztpraxis-dachau.de\/\" target=\"_blank\" rel=\"noopener\">https:\/\/www.zahnarztpraxis-dachau.de\/<\/a><\/p>\n<p><strong>Zahn\u00e4rztin &#8211; Dentist\u00a0Dr. Felicitas Bleisteiner<\/strong><\/p>\n<p><a href=\"https:\/\/www.zahnarztpraxis-dachau.de\/aerzte\/dr-felicitas-bleisteiner.html\" target=\"_blank\" rel=\"noopener\">https:\/\/www.zahnarztpraxis-dachau.de\/aerzte\/dr-felicitas-bleisteiner.html<\/a><\/p>\n<p>Supergepulster CO2 Laser<br \/>\n&#8216;Super pulsed CO2\u00a0 laser<\/p>\n<ul>\n<li>Bis 12 Monate\u00a0 und ab 2 Jahre<\/li>\n<li>Up to 12 months and from 2 years<\/li>\n<li>Alle B\u00e4nder<\/li>\n<li>All ties<\/li>\n<li>Narkose ab dem 24 Monate m\u00f6glich<\/li>\n<li>General anesthesia possible from 12 months<\/li>\n<li>English<\/li>\n<\/ul>\n<p>Kontakt: <a href=\"https:\/\/www.zungenbandzentrum.de\/en\/contact\/\">https:\/\/www.zungenbandzentrum.de\/kontakt\/<\/a><\/p>\n<p>Termin: <a href=\"https:\/\/www.zungenbandzentrum.de\/en\/appointment\/\">https:\/\/www.zungenbandzentrum.de\/terminvereinbarung\/<\/a><\/p>\n<hr \/>\n<h2 id=\"oppenheim\">ZungenBandZentrum Oppenheim\/Mainz<\/h2>\n<p><a href=\"https:\/\/zungenband.de\" target=\"_blank\" rel=\"noopener\">https:\/\/zungenband.de<\/a><\/p>\n<p><strong>Zahnarzt Dentist\u00a0Dr. Darius Moghtader<\/strong><\/p>\n<p><strong>IBCLC Stillberaterin und Kinderkrankenschwester Lena M\u00fcller<\/strong><\/p>\n<p><strong>Stilberaterin Nina Manasek<\/strong><\/p>\n<p><a href=\"https:\/\/www.zungenbandzentrum.de\/en\/team\/\" target=\"_blank\" rel=\"noopener\">https:\/\/www.zungenbandzentrum.de\/team\/<\/a><\/p>\n<p>Supergepulster CO2 Laser<br \/>\nSuper pulsed CO2\u00a0 laser<\/p>\n<ul>\n<li>Bis 12 Monate\u00a0 und ab 6 Jahre<\/li>\n<li>Up to 12 months and from 6 years<\/li>\n<li>Keine Narkose<\/li>\n<li>No general anesthesia<\/li>\n<li>Weichteiltumore, Fibrome, H\u00e4mangiome<\/li>\n<li>Soft tissue tumors, Fibromas,\u00a0 \u00a0 Hemangiomas<\/li>\n<li>English<\/li>\n<\/ul>\n<p>Kontakt: <a href=\"https:\/\/www.zungenbandzentrum.de\/en\/contact\/\">https:\/\/www.zungenbandzentrum.de\/kontakt\/<\/a><\/p>\n<p>Termin: <a href=\"https:\/\/www.zungenbandzentrum.de\/en\/appointment\/\">https:\/\/www.zungenbandzentrum.de\/terminvereinbarung\/<\/a><\/p>\n<hr \/>\n<h2 id=\"ulm\">ZungenBandZentrum Ulm<\/h2>\n<p><a href=\"https:\/\/putzmunter-ulm.de\/zungenbandzentrum\" target=\"_blank\" rel=\"noopener\">https:\/\/putzmunter-ulm.de\/zungenbandzentrum<\/a><\/p>\n<p><strong>Kinderzahn\u00e4rztin Pediatric Dentist<br \/>\nDr. Ulrike Sailer<\/strong><\/p>\n<p>Supergepulster CO2 Laser<br \/>\nSuper pulsed CO2\u00a0 laser<\/p>\n<ul>\n<li>Beratung, Untersuchung und Diagnostik aller Altersklassen<\/li>\n<li>Advice, examinations and diagnostics for all age groups<\/li>\n<li>Therapie ab 3 Jahren<\/li>\n<li>Therapy from 3 years<\/li>\n<li>Alle B\u00e4nder<\/li>\n<li>All ties<\/li>\n<li>Narkose ab dem 36. Monat m\u00f6glich<\/li>\n<li>General anesthesia possible from 36 months<\/li>\n<li>English<\/li>\n<\/ul>\n<p>Kontakt: <a href=\"https:\/\/putzmunter-ulm.de\/\" target=\"_blank\" rel=\"noopener\">https:\/\/putzmunter-ulm.de\/<\/a><\/p>\n<p>Termin: <a href=\"https:\/\/putzmunter-ulm.de\/\" target=\"_blank\" rel=\"noopener\">https:\/\/putzmunter-ulm.de\/<\/a><\/p>\n<hr \/>\n<h2 id=\"kulmbach\">ZungenBandZentrum Kulmbach<\/h2>\n<p><a href=\"https:\/\/zahnheilkunstpraxis.de\/\" target=\"_blank\" rel=\"noopener\">https:\/\/zahnheilkunstpraxis.de\/<\/a><\/p>\n<p><strong>Zahnarzt\/Heilpraktiker &#8211; Dentist\/Alternative practitioner<br \/>\nErik P\u00f6nisch<\/strong><\/p>\n<p><a href=\"https:\/\/zahnheilkunstpraxis.de\/ueber-uns\/erik-poenisch\/\" target=\"_blank\" rel=\"noopener\">https:\/\/zahnheilkunstpraxis.de\/ueber-uns\/erik-poenisch\/<\/a><\/p>\n<p>Supergepulster CO2\u00a0Laser<br \/>\nSuper pulsed CO2\u00a0 laser<\/p>\n<ul>\n<li>\n<div role=\"presentation\">Bis 9 Monate\u00a0 und ab 2 Jahren<\/div>\n<\/li>\n<li>\n<div role=\"presentation\">Up to 9 months and from 2 years<\/div>\n<\/li>\n<li>\n<div role=\"presentation\">Alle B\u00e4nder<\/div>\n<\/li>\n<li>\n<div role=\"presentation\">All ties<\/div>\n<\/li>\n<li>\n<div role=\"presentation\">Inhalationssedierung mit Lachgas<\/div>\n<\/li>\n<li>\n<div role=\"presentation\">Nitrous oxide inhalation sedation<\/div>\n<\/li>\n<li>\n<div role=\"presentation\">Narkose ab 2 Jahre<\/div>\n<\/li>\n<li>\n<div role=\"presentation\">General anesthesia from 2 years<\/div>\n<\/li>\n<li>\n<div role=\"presentation\">Englisch, Franz\u00f6sisch, Spanisch, Russisch und Italienisch<\/div>\n<\/li>\n<\/ul>\n<p>Kontakt: <a href=\"https:\/\/www.zungenbandzentrum.de\/en\/contact\/\">https:\/\/www.zungenbandzentrum.de\/kontakt\/<\/a><\/p>\n<p>Termin: <a href=\"https:\/\/www.zungenbandzentrum.de\/en\/appointment\/\">https:\/\/www.zungenbandzentrum.de\/terminvereinbarung\/<\/a><\/p>\n<hr \/>\n<h2 id=\"niederdielfen\">ZungenBandZentrum Niederdielfen\/Siegen<\/h2>\n<p><a href=\"https:\/\/zahnarztpraxis-im-weisstal.de\/\" target=\"_blank\" rel=\"noopener\">https:\/\/zahnarztpraxis-im-weisstal.de<\/a><\/p>\n<p><u><\/u><u><\/u><strong>Zahnarzt Dentist\u00a0Dr. Carolin K\u00f6nig<\/strong><\/p>\n<p>Supergepulster CO2 Laser<br \/>\nSuper pulsed CO2\u00a0 laser<\/p>\n<ul>\n<li>\n<div role=\"presentation\">Bis 12 Monate\u00a0 und ab 6 Jahre<\/div>\n<\/li>\n<li>\n<div role=\"presentation\">Up to 12 months and from 6 years<\/div>\n<\/li>\n<li>\n<div role=\"presentation\">Alle B\u00e4nder<\/div>\n<\/li>\n<li>\n<div role=\"presentation\">All ties<\/div>\n<\/li>\n<li>\n<div role=\"presentation\">Keine Narkose<\/div>\n<\/li>\n<li>\n<div role=\"presentation\">No general anesthesia<\/div>\n<\/li>\n<\/ul>\n<p>Kontakt: <a href=\"https:\/\/www.zungenbandzentrum.de\/en\/contact\/\">https:\/\/www.zungenbandzentrum.de\/kontakt\/<\/a><\/p>\n<p>Termin: <a href=\"https:\/\/www.zungenbandzentrum.de\/en\/appointment\/\">https:\/\/www.zungenbandzentrum.de\/terminvereinbarung\/<\/a><\/p>\n<hr \/>\n<h2 id=\"nidderau\">ZungenBandZentrum Nidderau<\/h2>\n<p><a href=\"https:\/\/zungenbandzentrum-nidderau.de\/\" target=\"_blank\" rel=\"noopener\">https:\/\/zungenbandzentrum-nidderau.de<\/a><\/p>\n<p><u><\/u><u><\/u><strong>Zahnarzt\/Oralchirug Dentist Dr. Nikolai van Blericq <\/strong><\/p>\n<p>Supergepulster CO2 Laser<br \/>\nSuper pulsed CO2\u00a0 laser<\/p>\n<ul>\n<li>\n<div role=\"presentation\">Alle Altersgruppen<\/div>\n<\/li>\n<li>\n<div role=\"presentation\">Alle B\u00e4nder<\/div>\n<\/li>\n<li>\n<div role=\"presentation\">All ties<\/div>\n<\/li>\n<li>\n<div role=\"presentation\">Sedation ab 3 Jahre<\/div>\n<\/li>\n<li>\n<div role=\"presentation\">Sedation from 3 years<\/div>\n<\/li>\n<li>\n<div role=\"presentation\">Englisch<\/div>\n<\/li>\n<\/ul>\n<p>Kontakt: <a href=\"https:\/\/www.zungenbandzentrum.de\/en\/contact\/\">https:\/\/www.zungenbandzentrum.de\/kontakt\/<\/a><\/p>\n<p>Termin: <a href=\"https:\/\/www.zungenbandzentrum.de\/en\/appointment\/\">https:\/\/www.zungenbandzentrum.de\/terminvereinbarung\/<\/a><\/p>\n<hr \/>\n<\/div><\/section><\/div><div class='flex_column av-n7htdn-b0d13f462cb105374dd37ba02b4174d1 av_one_third  avia-builder-el-2  el_after_av_two_third  avia-builder-el-last  flex_column_div '     ><section  class='av_textblock_section av-mlf96655-fd6d3d35c8fb3c01371fbc07e85e20a4'  itemscope=\"itemscope\" itemtype=\"https:\/\/schema.org\/CreativeWork\" ><div class='avia_textblock'  itemprop=\"text\" ><h2>Locations<\/h2>\n<\/div><\/section><br \/>\n<div  class='avia-icon-list-container av-mlf6fh55-e00690af535835ce87c6c0c29d830050  avia-builder-el-4  el_after_av_textblock  avia-builder-el-last '><ul class='avia-icon-list avia_animate_when_almost_visible avia-icon-list-left av-iconlist-small av-mlf6fh55-e00690af535835ce87c6c0c29d830050 avia-iconlist-animate'>\n<li><div class='iconlist_icon av-mlf6ehg2-1-7-77415e0ce42e68eaf3d443f41bd38ddd avia-font-entypo-fontello'><span class='iconlist-char' aria-hidden='true' data-av_icon='\ue821' data-av_iconfont='entypo-fontello'><\/span><\/div><article class=\"article-icon-entry av-iconlist-empty\"  itemscope=\"itemscope\" itemtype=\"https:\/\/schema.org\/CreativeWork\" ><div class=\"iconlist_content_wrap\"><header class=\"entry-content-header\"><div class='av_iconlist_title iconlist_title_small  '  itemprop=\"headline\" ><a href='#aschaffenburg' title='Aschaffenburg'>Aschaffenburg<\/a><\/div><\/header><div class='iconlist_content '  itemprop=\"text\" ><\/div><\/div><footer class=\"entry-footer\"><\/footer><\/article><div class=\"iconlist-timeline\"><\/div><\/li>\n<li><div class='iconlist_icon av-mlf6ehg2-1-8-92cd68b370bd191330021ebfb5e30d85 avia-font-entypo-fontello'><span class='iconlist-char' aria-hidden='true' data-av_icon='\ue821' data-av_iconfont='entypo-fontello'><\/span><\/div><article class=\"article-icon-entry av-iconlist-empty\"  itemscope=\"itemscope\" itemtype=\"https:\/\/schema.org\/CreativeWork\" ><div class=\"iconlist_content_wrap\"><header class=\"entry-content-header\"><div class='av_iconlist_title iconlist_title_small  '  itemprop=\"headline\" ><a href='#badsoden' title='Bad Soden'>Bad Soden<\/a><\/div><\/header><div class='iconlist_content '  itemprop=\"text\" ><\/div><\/div><footer class=\"entry-footer\"><\/footer><\/article><div class=\"iconlist-timeline\"><\/div><\/li>\n<li><div class='iconlist_icon av-mlf6ehg2-1-5-482d32217fc837153a21480ea300ecad avia-font-entypo-fontello'><span class='iconlist-char' aria-hidden='true' data-av_icon='\ue821' data-av_iconfont='entypo-fontello'><\/span><\/div><article class=\"article-icon-entry av-iconlist-empty\"  itemscope=\"itemscope\" itemtype=\"https:\/\/schema.org\/CreativeWork\" ><div class=\"iconlist_content_wrap\"><header class=\"entry-content-header\"><div class='av_iconlist_title iconlist_title_small  '  itemprop=\"headline\" ><a href='#dachau' title='Dachau'>Dachau<\/a><\/div><\/header><div class='iconlist_content '  itemprop=\"text\" ><\/div><\/div><footer class=\"entry-footer\"><\/footer><\/article><div class=\"iconlist-timeline\"><\/div><\/li>\n<li><div class='iconlist_icon av-mlf6ehg2-1-c734d5710fcd715fc69ce50dfb0dce1e avia-font-entypo-fontello'><span class='iconlist-char' aria-hidden='true' data-av_icon='\ue821' data-av_iconfont='entypo-fontello'><\/span><\/div><article class=\"article-icon-entry av-iconlist-empty\"  itemscope=\"itemscope\" itemtype=\"https:\/\/schema.org\/CreativeWork\" ><div class=\"iconlist_content_wrap\"><header class=\"entry-content-header\"><div class='av_iconlist_title iconlist_title_small  '  itemprop=\"headline\" ><a href='#heinsberg' title='Heinsberg\/Aachen'>Heinsberg\/Aachen<\/a><\/div><\/header><div class='iconlist_content '  itemprop=\"text\" ><\/div><\/div><footer class=\"entry-footer\"><\/footer><\/article><div class=\"iconlist-timeline\"><\/div><\/li>\n<li><div class='iconlist_icon av-mlf6ehg2-1-2-99d81a5f46e864abe82dc4c38f296d14 avia-font-entypo-fontello'><span class='iconlist-char' aria-hidden='true' data-av_icon='\ue821' data-av_iconfont='entypo-fontello'><\/span><\/div><article class=\"article-icon-entry av-iconlist-empty\"  itemscope=\"itemscope\" itemtype=\"https:\/\/schema.org\/CreativeWork\" ><div class=\"iconlist_content_wrap\"><header class=\"entry-content-header\"><div class='av_iconlist_title iconlist_title_small  '  itemprop=\"headline\" ><a href='#kulmbach' title='Kulmbach'>Kulmbach<\/a><\/div><\/header><div class='iconlist_content '  itemprop=\"text\" ><\/div><\/div><footer class=\"entry-footer\"><\/footer><\/article><div class=\"iconlist-timeline\"><\/div><\/li>\n<li><div class='iconlist_icon av-mlf6ehg2-1-10-6eeb38cbee7aa94c1aabc39263893561 avia-font-entypo-fontello'><span class='iconlist-char' aria-hidden='true' data-av_icon='\ue821' data-av_iconfont='entypo-fontello'><\/span><\/div><article class=\"article-icon-entry av-iconlist-empty\"  itemscope=\"itemscope\" itemtype=\"https:\/\/schema.org\/CreativeWork\" ><div class=\"iconlist_content_wrap\"><header class=\"entry-content-header\"><div class='av_iconlist_title iconlist_title_small  '  itemprop=\"headline\" ><a href='#koeln' title='Cologne'>Cologne<\/a><\/div><\/header><div class='iconlist_content '  itemprop=\"text\" ><\/div><\/div><footer class=\"entry-footer\"><\/footer><\/article><div class=\"iconlist-timeline\"><\/div><\/li>\n<li><div class='iconlist_icon av-mlf6ehg2-1-12-dd5b4bf9925851418eda701459cdd48b avia-font-entypo-fontello'><span class='iconlist-char' aria-hidden='true' data-av_icon='\ue821' data-av_iconfont='entypo-fontello'><\/span><\/div><article class=\"article-icon-entry av-iconlist-empty\"  itemscope=\"itemscope\" itemtype=\"https:\/\/schema.org\/CreativeWork\" ><div class=\"iconlist_content_wrap\"><header class=\"entry-content-header\"><div class='av_iconlist_title iconlist_title_small  '  itemprop=\"headline\" ><a href='#landsberg' title='Landsberg'>Landsberg<\/a><\/div><\/header><div class='iconlist_content '  itemprop=\"text\" ><\/div><\/div><footer class=\"entry-footer\"><\/footer><\/article><div class=\"iconlist-timeline\"><\/div><\/li>\n<li><div class='iconlist_icon av-mlf6ehg2-1-1-43abf9b15365eac7c92366c6af6617de avia-font-entypo-fontello'><span class='iconlist-char' aria-hidden='true' data-av_icon='\ue821' data-av_iconfont='entypo-fontello'><\/span><\/div><article class=\"article-icon-entry av-iconlist-empty\"  itemscope=\"itemscope\" itemtype=\"https:\/\/schema.org\/CreativeWork\" ><div class=\"iconlist_content_wrap\"><header class=\"entry-content-header\"><div class='av_iconlist_title iconlist_title_small  '  itemprop=\"headline\" ><a href='#niederdielfen' title='Niederdielfen'>Niederdielfen<\/a><\/div><\/header><div class='iconlist_content '  itemprop=\"text\" ><\/div><\/div><footer class=\"entry-footer\"><\/footer><\/article><div class=\"iconlist-timeline\"><\/div><\/li>\n<li><div class='iconlist_icon av-mlf6ehg2-1-1-98aba49a9422b810dc144c317ad2b6c0 avia-font-entypo-fontello'><span class='iconlist-char' aria-hidden='true' data-av_icon='\ue821' data-av_iconfont='entypo-fontello'><\/span><\/div><article class=\"article-icon-entry av-iconlist-empty\"  itemscope=\"itemscope\" itemtype=\"https:\/\/schema.org\/CreativeWork\" ><div class=\"iconlist_content_wrap\"><header class=\"entry-content-header\"><div class='av_iconlist_title iconlist_title_small  '  itemprop=\"headline\" ><a href='#nidderau' title='  Nidderau'>  Nidderau<\/a><\/div><\/header><div class='iconlist_content '  itemprop=\"text\" ><\/div><\/div><footer class=\"entry-footer\"><\/footer><\/article><div class=\"iconlist-timeline\"><\/div><\/li>\n<li><div class='iconlist_icon av-mlf6ehg2-1-4-1d8462a6c036c5fe59048b0d70b38236 avia-font-entypo-fontello'><span class='iconlist-char' aria-hidden='true' data-av_icon='\ue821' data-av_iconfont='entypo-fontello'><\/span><\/div><article class=\"article-icon-entry av-iconlist-empty\"  itemscope=\"itemscope\" itemtype=\"https:\/\/schema.org\/CreativeWork\" ><div class=\"iconlist_content_wrap\"><header class=\"entry-content-header\"><div class='av_iconlist_title iconlist_title_small  '  itemprop=\"headline\" ><a href='#oppenheim' title='Oppenheim'>Oppenheim<\/a><\/div><\/header><div class='iconlist_content '  itemprop=\"text\" ><\/div><\/div><footer class=\"entry-footer\"><\/footer><\/article><div class=\"iconlist-timeline\"><\/div><\/li>\n<li><div class='iconlist_icon av-mlf6ehg2-1-11-7b752b90e55961e1679b5301330aefda avia-font-entypo-fontello'><span class='iconlist-char' aria-hidden='true' data-av_icon='\ue821' data-av_iconfont='entypo-fontello'><\/span><\/div><article class=\"article-icon-entry av-iconlist-empty\"  itemscope=\"itemscope\" itemtype=\"https:\/\/schema.org\/CreativeWork\" ><div class=\"iconlist_content_wrap\"><header class=\"entry-content-header\"><div class='av_iconlist_title iconlist_title_small  '  itemprop=\"headline\" ><a href='#plochingen' title='Plochingen'>Plochingen<\/a><\/div><\/header><div class='iconlist_content '  itemprop=\"text\" ><\/div><\/div><footer class=\"entry-footer\"><\/footer><\/article><div class=\"iconlist-timeline\"><\/div><\/li>\n<li><div class='iconlist_icon av-mlf6ehg2-1-13-389cce2e52adc08261330f04421f28a2 avia-font-entypo-fontello'><span class='iconlist-char' aria-hidden='true' data-av_icon='\ue821' data-av_iconfont='entypo-fontello'><\/span><\/div><article class=\"article-icon-entry av-iconlist-empty\"  itemscope=\"itemscope\" itemtype=\"https:\/\/schema.org\/CreativeWork\" ><div class=\"iconlist_content_wrap\"><header class=\"entry-content-header\"><div class='av_iconlist_title iconlist_title_small  '  itemprop=\"headline\" ><a href='#radolfzell' title='Radolfzell on Lake Constance'>Radolfzell on Lake Constance<\/a><\/div><\/header><div class='iconlist_content '  itemprop=\"text\" ><\/div><\/div><footer class=\"entry-footer\"><\/footer><\/article><div class=\"iconlist-timeline\"><\/div><\/li>\n<li><div class='iconlist_icon av-mlf6ehg2-1-9-b5012de86ed3cfb264a049bb71225c1e avia-font-entypo-fontello'><span class='iconlist-char' aria-hidden='true' data-av_icon='\ue821' data-av_iconfont='entypo-fontello'><\/span><\/div><article class=\"article-icon-entry av-iconlist-empty\"  itemscope=\"itemscope\" itemtype=\"https:\/\/schema.org\/CreativeWork\" ><div class=\"iconlist_content_wrap\"><header class=\"entry-content-header\"><div class='av_iconlist_title iconlist_title_small  '  itemprop=\"headline\" ><a href='#taegerwillen' title='T\u00e4gerwilen (CH)'>T\u00e4gerwilen (CH)<\/a><\/div><\/header><div class='iconlist_content '  itemprop=\"text\" ><\/div><\/div><footer class=\"entry-footer\"><\/footer><\/article><div class=\"iconlist-timeline\"><\/div><\/li>\n<li><div class='iconlist_icon av-mlf6ehg2-1-3-06214e17edf56714348fd2bce93faeef avia-font-entypo-fontello'><span class='iconlist-char' aria-hidden='true' data-av_icon='\ue821' data-av_iconfont='entypo-fontello'><\/span><\/div><article class=\"article-icon-entry av-iconlist-empty\"  itemscope=\"itemscope\" itemtype=\"https:\/\/schema.org\/CreativeWork\" ><div class=\"iconlist_content_wrap\"><header class=\"entry-content-header\"><div class='av_iconlist_title iconlist_title_small  '  itemprop=\"headline\" ><a href='#ulm' title='Ulm'>Ulm<\/a><\/div><\/header><div class='iconlist_content '  itemprop=\"text\" ><\/div><\/div><footer class=\"entry-footer\"><\/footer><\/article><div class=\"iconlist-timeline\"><\/div><\/li>\n<li><div class='iconlist_icon av-mlf6ehg2-1-6-3221fb04703e697ce361e30439134371 avia-font-entypo-fontello'><span class='iconlist-char' aria-hidden='true' data-av_icon='\ue821' data-av_iconfont='entypo-fontello'><\/span><\/div><article class=\"article-icon-entry av-iconlist-empty\"  itemscope=\"itemscope\" itemtype=\"https:\/\/schema.org\/CreativeWork\" ><div class=\"iconlist_content_wrap\"><header class=\"entry-content-header\"><div class='av_iconlist_title iconlist_title_small  '  itemprop=\"headline\" ><a href='#muenchen' title='Unterf\u00f6hring\/Munich'>Unterf\u00f6hring\/Munich<\/a><\/div><\/header><div class='iconlist_content '  itemprop=\"text\" ><\/div><\/div><footer class=\"entry-footer\"><\/footer><\/article><div class=\"iconlist-timeline\"><\/div><\/li>\n<\/ul><\/div><\/p><\/div><\/p>\n","protected":false},"excerpt":{"rendered":"","protected":false},"author":3,"featured_media":0,"parent":0,"menu_order":0,"comment_status":"closed","ping_status":"closed","template":"","meta":{"footnotes":""},"class_list":["post-11427","page","type-page","status-publish","hentry"],"_links":{"self":[{"href":"https:\/\/www.zungenbandzentrum.de\/en\/wp-json\/wp\/v2\/pages\/11427","targetHints":{"allow":["GET"]}}],"collection":[{"href":"https:\/\/www.zungenbandzentrum.de\/en\/wp-json\/wp\/v2\/pages"}],"about":[{"href":"https:\/\/www.zungenbandzentrum.de\/en\/wp-json\/wp\/v2\/types\/page"}],"author":[{"embeddable":true,"href":"https:\/\/www.zungenbandzentrum.de\/en\/wp-json\/wp\/v2\/users\/3"}],"replies":[{"embeddable":true,"href":"https:\/\/www.zungenbandzentrum.de\/en\/wp-json\/wp\/v2\/comments?post=11427"}],"version-history":[{"count":33,"href":"https:\/\/www.zungenbandzentrum.de\/en\/wp-json\/wp\/v2\/pages\/11427\/revisions"}],"predecessor-version":[{"id":12405,"href":"https:\/\/www.zungenbandzentrum.de\/en\/wp-json\/wp\/v2\/pages\/11427\/revisions\/12405"}],"wp:attachment":[{"href":"https:\/\/www.zungenbandzentrum.de\/en\/wp-json\/wp\/v2\/media?parent=11427"}],"curies":[{"name":"wp","href":"https:\/\/api.w.org\/{rel}","templated":true}]}}